{"id":1568,"date":"2021-12-23T04:34:16","date_gmt":"2021-12-23T04:34:16","guid":{"rendered":"https:\/\/grandconference.themegoods.com\/v5\/?page_id=1568"},"modified":"2024-09-28T15:48:04","modified_gmt":"2024-09-28T15:48:04","slug":"faq","status":"publish","type":"page","link":"https:\/\/www.kongre.tzv.org.tr\/2024\/faq\/","title":{"rendered":"S\u0131k Sorulan  Sorular"},"content":{"rendered":"[vc_row][vc_column][vc_column_text]\n<h1><\/h1>\n<h2>S\u0131k Sorulan Sorular<\/h2>\n<h2><\/h2>\n<p>&nbsp;<\/p>\n<p><a tabindex=\"0\">Kongre nerede olacak? <\/a><\/p>\n<p>Kongre Ankara\u2019da ODT\u00dc K\u00fclt\u00fcr Kongre Merkezi\u2019nde olacak.<\/p>\n<p>&nbsp;<\/p>\n<p><a tabindex=\"0\">Kongre ka\u00e7 g\u00fcn s\u00fcrecek? <\/a><\/p>\n<p>16-17 Kas\u0131m tarihlerinde cumartesi ve pazar olmak \u00fczere 2 g\u00fcn s\u00fcrecektir.<\/p>\n<p>&nbsp;<\/p>\n<p><a tabindex=\"0\">Kongrede konu\u015fulan konular kimi ilgilendirir? <\/a><\/p>\n<p>Konuya ilgi duyan herkes IX. Zeka ve Yetenek Kongresi\u2019ne kat\u0131labilir. Veli, \u00f6\u011fretmen ya da \u00f6\u011frenciler kendileri i\u00e7in bir\u00e7ok faydal\u0131 konu bulacakt\u0131r.<\/p>\n<p>&nbsp;<\/p>\n<p><a tabindex=\"0\">Kongre kay\u0131t tarihi ne zaman?<\/a><\/p>\n<p>Kay\u0131tlar\u0131m\u0131z Ekim ay\u0131nda a\u00e7\u0131lacak olup kat\u0131l\u0131m s\u0131n\u0131rl\u0131d\u0131r.<\/p>\n<p>&nbsp;<\/p>\n<p><a tabindex=\"0\">Kongre\u2019ye kat\u0131l\u0131m \u00fccretli midir? \u00dccretsiz olarak kat\u0131l\u0131m sa\u011flayabiliyor muyuz?<\/a><\/p>\n<p>Kongre\u2019ye kat\u0131l\u0131m sa\u011flay\u0131p sunumlar\u0131 ve davetli konu\u015fmac\u0131lar\u0131 dinlemek, at\u00f6lye \u00e7al\u0131\u015fmalar\u0131na kat\u0131lmak \u00fccretlidir.<\/p>\n<p>&nbsp;<\/p>\n<p><a tabindex=\"0\">Kongre Kat\u0131l\u0131m Bedeline neler d\u00e2hildir?<\/a><\/p>\n<p>Kongre kat\u0131l\u0131m bedeli; A\u00e7\u0131\u015f Konu\u015fmalar\u0131, Paneller, Konu\u015fmalar, Kongre Seti, Kat\u0131l\u0131m Belgesi ve ikramlar\u0131 i\u00e7erir. At\u00f6lye \u00e7al\u0131\u015fmalar\u0131 ve \u00f6\u011fle yeme\u011fi kongre kat\u0131l\u0131m bedeline d\u00e2hil de\u011fildir.<\/p>\n<p>&nbsp;<\/p>\n<p><a tabindex=\"0\">Kurum kat\u0131l\u0131mlar\u0131nda indirim sa\u011flan\u0131yor mu?<\/a><\/p>\n<p>Hay\u0131r. Bireysel ba\u015fvuru fiyat\u0131 ge\u00e7erlidir.<\/p>\n<p>&nbsp;<\/p>\n<p><a tabindex=\"0\">Kongre \u00fccretini nas\u0131l yat\u0131raca\u011f\u0131m?<\/a><\/p>\n<p>Men\u00fcde ve anasayfada bulunan \u201cKAYDOL\u201d butonlar\u0131na t\u0131klayarak a\u00e7\u0131lan sayfada istenilen bilgileri doldurmal\u0131s\u0131n\u0131z. T\u00fcm bilgileri doldurdu\u011funuzda bir sonraki ad\u0131mda sizi \u00f6deme sayfas\u0131na y\u00f6nlendirecektir. Buradan kredi kart\u0131 veya online i\u015fleme a\u00e7\u0131k banka kart\u0131 ile \u00f6demenizi yapabilirsiniz. Ad\u0131mlar: kongre.tzv.org.tr &gt; Kongre Kat\u0131l\u0131m\u0131 &gt; \u0130leti\u015fim Bilgileri &gt; \u00dccret \u00d6demesi &gt; Onay<\/p>\n<p>&nbsp;<\/p>\n<p><a tabindex=\"0\">\u00a0Konaklama, ula\u015f\u0131m deste\u011finiz var m\u0131?<\/a><\/p>\n<p>Konaklama ve ula\u015f\u0131m kat\u0131l\u0131mc\u0131 taraf\u0131ndan kar\u015f\u0131lan\u0131r. Gerekirse taraf\u0131m\u0131zdan y\u00f6nlendirme yap\u0131labilir. (Y\u00f6nlendirme i\u00e7in kongre@tzv.org.tr veya 0312 210 00 20 nolu telefon ile ileti\u015fime ge\u00e7ebilirsiniz.<\/p>\n<p>&nbsp;<\/p>\n<p><a tabindex=\"0\"> Kongre Sonunda sertifika verilecek mi?<\/a><\/p>\n<p>Kongre sonunda t\u00fcm kat\u0131l\u0131mc\u0131lar\u0131m\u0131za \u201cKongre Kat\u0131l\u0131m Belgesi\u201d verilecektir.<\/p>\n<p>&nbsp;<\/p>\n<p><a tabindex=\"0\">Kat\u0131l\u0131m \u00fccretini yat\u0131rd\u0131ktan sonra, bir aksilik oldu\u011fu takdirde \u00fccret iadesi talep edebilir miyim?<\/a><\/p>\n<p>7 g\u00fcn i\u00e7inde iptal talepleri olumlu kar\u015f\u0131lanmaktad\u0131r. Fakat kontenjanl\u0131 bir etkinlik oldu\u011fu i\u00e7in son bir ay kala iade yap\u0131lmamaktad\u0131r.<\/p>\n<p>&nbsp;<\/p>\n<p><a tabindex=\"0\">Kongre sonras\u0131nda konu\u015fma \u00f6zetleri veya tam metinler yay\u0131nlanacak m\u0131?<\/a><\/p>\n<p>Evet. T\u00fcrkiye Zeka Vakf\u0131 Kongre konu\u015fmalar\u0131n\u0131 \u201cDe\u015fifreler Kitab\u0131\u201d olarak yay\u0131nlamaktad\u0131r. Ge\u00e7mi\u015f y\u0131llar\u0131n kongre de\u015fifreleri i\u00e7in: market.tzv.org.tr sayfas\u0131n\u0131 ziyaret edebilirsiniz.<\/p>\n<p>&nbsp;<\/p>\n<p><a tabindex=\"0\">Kongre i\u00e7in yapt\u0131\u011f\u0131m masraflar\u0131 \u00e7al\u0131\u015ft\u0131\u011f\u0131m kurumdan alabilir miyim?<\/a><\/p>\n<p>Kat\u0131l\u0131m, konaklama ve ula\u015f\u0131m giderlerinizi belgelemeniz halinde -kurumunuzun inisiyatifiyle- geri alabilirsiniz. Bu anlamda l\u00fctfen kurumunuzun harcama\/destek birimi ile ileti\u015fime ge\u00e7iniz. Fatura taleplerinizi \u00f6deme yaparken belirtmeniz gerekmektedir. Sonras\u0131nda de\u011fi\u015fiklik yap\u0131lamaz.<\/p>\n<p>&nbsp;<\/p>\n<p><a tabindex=\"0\">Arad\u0131\u011f\u0131n\u0131z cevaba ula\u015famad\u0131n\u0131z m\u0131?<\/a><\/p>\n<p>Her t\u00fcrl\u00fc soru, bilgi talebi ve \u00f6nerilerinizi kongre@tzv.org.tr\u2019ye yazarak veya 0312 210 00 20 nolu telefonu arayarak bize ula\u015ft\u0131rabilirsiniz.[\/vc_column_text][\/vc_column][\/vc_row]\n","protected":false},"excerpt":{"rendered":"<p>[vc_row][vc_column][vc_column_text] S\u0131k Sorulan Sorular &nbsp; Kongre nerede olacak? Kongre Ankara\u2019da ODT\u00dc K\u00fclt\u00fcr Kongre Merkezi\u2019nde olacak. &nbsp; Kongre ka\u00e7 g\u00fcn s\u00fcrecek? 16-17 Kas\u0131m tarihlerinde cumartesi ve pazar olmak \u00fczere 2 g\u00fcn s\u00fcrecektir. &nbsp; Kongrede konu\u015fulan konular kimi ilgilendirir? Konuya ilgi duyan herkes IX. Zeka ve Yetenek Kongresi\u2019ne kat\u0131labilir. Veli, \u00f6\u011fretmen ya da \u00f6\u011frenciler kendileri i\u00e7in bir\u00e7ok [&hellip;]<\/p>\n","protected":false},"author":1,"featured_media":0,"parent":0,"menu_order":12,"comment_status":"closed","ping_status":"closed","template":"","meta":{"footnotes":""},"class_list":["post-1568","page","type-page","status-publish","hentry"],"_links":{"self":[{"href":"https:\/\/www.kongre.tzv.org.tr\/2024\/wp-json\/wp\/v2\/pages\/1568","targetHints":{"allow":["GET"]}}],"collection":[{"href":"https:\/\/www.kongre.tzv.org.tr\/2024\/wp-json\/wp\/v2\/pages"}],"about":[{"href":"https:\/\/www.kongre.tzv.org.tr\/2024\/wp-json\/wp\/v2\/types\/page"}],"author":[{"embeddable":true,"href":"https:\/\/www.kongre.tzv.org.tr\/2024\/wp-json\/wp\/v2\/users\/1"}],"replies":[{"embeddable":true,"href":"https:\/\/www.kongre.tzv.org.tr\/2024\/wp-json\/wp\/v2\/comments?post=1568"}],"version-history":[{"count":0,"href":"https:\/\/www.kongre.tzv.org.tr\/2024\/wp-json\/wp\/v2\/pages\/1568\/revisions"}],"wp:attachment":[{"href":"https:\/\/www.kongre.tzv.org.tr\/2024\/wp-json\/wp\/v2\/media?parent=1568"}],"curies":[{"name":"wp","href":"https:\/\/api.w.org\/{rel}","templated":true}]}}